{"id":765,"date":"2023-11-19T17:45:55","date_gmt":"2023-11-19T16:45:55","guid":{"rendered":"http:\/\/zamojszczyzna.itapi.pl\/wordpress\/?page_id=765"},"modified":"2023-12-19T12:14:27","modified_gmt":"2023-12-19T11:14:27","slug":"generalny-plan-wschodni","status":"publish","type":"page","link":"https:\/\/zamojszczyzna.warstwypamieci.pl\/en\/generalny-plan-wschodni\/","title":{"rendered":"General Plan East"},"content":{"rendered":"<section class=\"wpb-content-wrapper\"><section class=\"vc_section color-white header-footer-section vc_custom_1700214715201 vc_section-has-fill\"><div class=\"vc_row wpb_row vc_row-fluid vc_custom_1700221297299 vc_row-has-fill vc_row-o-equal-height vc_row-o-content-middle vc_row-flex\"><div class=\"wpb_column vc_column_container vc_col-sm-6\"><div class=\"vc_column-inner\"><div class=\"wpb_wrapper\">\n\t<div class=\"wpb_text_column wpb_content_element  vc_custom_1700578174459 header-logo\" >\n\t\t<div class=\"wpb_wrapper\">\n\t\t\t<h1><a href=\"\/en\/\"><img loading=\"lazy\" decoding=\"async\" class=\"alignnone size-full wp-image-48\" src=\"https:\/\/zamojszczyzna.warstwypamieci.pl\/wp-content\/uploads\/2023\/10\/zamojszczyzna-mapa.png\" alt=\"\" width=\"53\" height=\"40\" \/>\u00a0Zamosc region<\/a><\/h1>\n<p>Brutality of the German occupier towards the Polish nation<\/p>\n\n\t\t<\/div>\n\t<\/div>\n<\/div><\/div><\/div><div class=\"header-item wpb_column vc_column_container vc_col-sm-3\"><div class=\"vc_column-inner vc_custom_1700218828430\"><div class=\"wpb_wrapper\">\n\t<div  class=\"wpb_single_image wpb_content_element vc_align_right   warstwy\">\n\t\t\n\t\t<figure class=\"wpb_wrapper vc_figure\">\n\t\t\t<a href=\"https:\/\/warstwypamieci.pl\/\" target=\"_self\" class=\"vc_single_image-wrapper   vc_box_border_grey\"><img loading=\"lazy\" decoding=\"async\" width=\"556\" height=\"74\" src=\"https:\/\/zamojszczyzna.warstwypamieci.pl\/wp-content\/uploads\/2023\/12\/Warstwy-Logo_En.png\" class=\"vc_single_image-img attachment-large\" alt=\"\" title=\"Layers of memory\" \/><\/a>\n\t\t<\/figure>\n\t<\/div>\n<\/div><\/div><\/div><div class=\"header-item wpb_column vc_column_container vc_col-sm-1\"><div class=\"vc_column-inner\"><div class=\"wpb_wrapper\">\n\t<div  class=\"wpb_single_image wpb_content_element vc_align_center  vc_custom_1700219599520  reduta\">\n\t\t\n\t\t<figure class=\"wpb_wrapper vc_figure\">\n\t\t\t<a href=\"https:\/\/rdi.org.pl\/\" target=\"_self\" class=\"vc_single_image-wrapper   vc_box_border_grey\"><img loading=\"lazy\" decoding=\"async\" width=\"318\" height=\"318\" src=\"https:\/\/zamojszczyzna.warstwypamieci.pl\/wp-content\/uploads\/2023\/11\/REDUTAlogo-tradycyjneSmall.png\" class=\"vc_single_image-img attachment-full\" alt=\"\" title=\"REDUTAlogo tradycyjneSmall\" srcset=\"https:\/\/zamojszczyzna.warstwypamieci.pl\/wp-content\/uploads\/2023\/11\/REDUTAlogo-tradycyjneSmall.png 318w, https:\/\/zamojszczyzna.warstwypamieci.pl\/wp-content\/uploads\/2023\/11\/REDUTAlogo-tradycyjneSmall-300x300.png 300w, https:\/\/zamojszczyzna.warstwypamieci.pl\/wp-content\/uploads\/2023\/11\/REDUTAlogo-tradycyjneSmall-150x150.png 150w\" sizes=\"auto, (max-width: 318px) 100vw, 318px\" \/><\/a>\n\t\t<\/figure>\n\t<\/div>\n<\/div><\/div><\/div><div class=\"header-donate header-item wpb_column vc_column_container vc_col-sm-2\"><div class=\"vc_column-inner\"><div class=\"wpb_wrapper\">\n\t<div class=\"wpb_text_column wpb_content_element\" >\n\t\t<div class=\"wpb_wrapper\">\n\t\t\t<p style=\"text-align: center;\"><a href=\"https:\/\/rdi.org.pl\/zostan-darczynca\/\">Support the project<\/a><\/p>\n\n\t\t<\/div>\n\t<\/div>\n<\/div><\/div><\/div><\/div><div class=\"vc_row wpb_row vc_row-fluid color-white nav vc_custom_1700222211878 vc_row-has-fill vc_row-o-equal-height vc_row-o-content-middle vc_row-flex\"><div class=\"wpb_column vc_column_container vc_col-sm-2\"><div class=\"vc_column-inner\"><div class=\"wpb_wrapper\">\n\t<div class=\"wpb_text_column wpb_content_element\" >\n\t\t<div class=\"wpb_wrapper\">\n\t\t\t<p style=\"text-align: left;\"><a href=\"\/en\/\">Home Page<\/a><\/p>\n\n\t\t<\/div>\n\t<\/div>\n<\/div><\/div><\/div><div class=\"wpb_column vc_column_container vc_col-sm-2\"><div class=\"vc_column-inner\"><div class=\"wpb_wrapper\">\n\t<div class=\"wpb_text_column wpb_content_element\" >\n\t\t<div class=\"wpb_wrapper\">\n\t\t\t<p style=\"text-align: left;\"><a href=\"https:\/\/zamojszczyzna.warstwypamieci.pl\/en\/ukazanie-rozmiaru-szkod-mieszkancow-zamojszczyzny\/\">Project Description<\/a><\/p>\n\n\t\t<\/div>\n\t<\/div>\n<\/div><\/div><\/div><div class=\"wpb_column vc_column_container vc_col-sm-2\"><div class=\"vc_column-inner\"><div class=\"wpb_wrapper\">\n\t<div class=\"wpb_text_column wpb_content_element  vc_custom_1700481093018\" >\n\t\t<div class=\"wpb_wrapper\">\n\t\t\t<p style=\"text-align: left;\"><a href=\"https:\/\/zamojszczyzna.warstwypamieci.pl\/en\/prezentacja-wynikow-badan\/\">Methodology<\/a><\/p>\n\n\t\t<\/div>\n\t<\/div>\n<\/div><\/div><\/div><div class=\"wpb_column vc_column_container vc_col-sm-1\"><div class=\"vc_column-inner\"><div class=\"wpb_wrapper\">\n\t<div class=\"wpb_text_column wpb_content_element\" >\n\t\t<div class=\"wpb_wrapper\">\n\t\t\t<p style=\"text-align: left;\"><a href=\"https:\/\/zamojszczyzna.warstwypamieci.pl\/en\/interaktywne-przegladanie-danych\/\">Visualisation<\/a><\/p>\n\n\t\t<\/div>\n\t<\/div>\n<\/div><\/div><\/div><div class=\"wpb_column vc_column_container vc_col-sm-4\"><div class=\"vc_column-inner\"><div class=\"wpb_wrapper\">\n\t<div class=\"wpb_text_column wpb_content_element\" >\n\t\t<div class=\"wpb_wrapper\">\n\t\t\t<p style=\"text-align: right;\"><a href=\"https:\/\/zamojszczyzna.warstwypamieci.pl\/en\/przegladanie-danych-tabelarycznych\/\">Interactive viewing of data<\/a><\/p>\n\n\t\t<\/div>\n\t<\/div>\n<\/div><\/div><\/div><div class=\"wpb_column vc_column_container vc_col-sm-1\"><div class=\"vc_column-inner\"><div class=\"wpb_wrapper\">\n\t<div class=\"wpb_text_column wpb_content_element  login-logout\" >\n\t\t<div class=\"wpb_wrapper\">\n\t\t\t\n\t\t<\/div>\n\t<\/div>\n<\/div><\/div><\/div><\/div><\/section><section class=\"vc_section vc_custom_1698998140849 vc_section-has-fill\"><div class=\"vc_row wpb_row vc_row-fluid vc_custom_1698998267817\"><div class=\"wpb_column vc_column_container vc_col-sm-12\"><div class=\"vc_column-inner\"><div class=\"wpb_wrapper\">\n\t<div class=\"wpb_text_column wpb_content_element  vc_custom_1700412377193\" >\n\t\t<div class=\"wpb_wrapper\">\n\t\t\t<h2>General Plan East<\/h2>\n\n\t\t<\/div>\n\t<\/div>\n<\/div><\/div><\/div><\/div><div class=\"vc_row wpb_row vc_row-fluid vc_custom_1698998118820\"><div class=\"wpb_column vc_column_container vc_col-sm-12\"><div class=\"vc_column-inner\"><div class=\"wpb_wrapper\">\n\t<div class=\"wpb_text_column wpb_content_element  post-content justify-text\" >\n\t\t<div class=\"wpb_wrapper\">\n\t\t\t<!-- wp:paragraph -->\n<p>The General Plan East or Generalplan Ost, or GPO for short, was born in the minds of German ideologues and top politicians for several months. Unfortunately, the original documents of this criminal idea have not survived to our time. Nevertheless, through additional sources, such as the testimonies of some of the German criminals who worked on the GPO, it can now be stated with firmness and historical certainty that the GPO was conceived between 1941 and 1942 by a special team of employees of the Reich Main Security Office. In addition, it was personally approved by Reischf\u00fchrer SS Heinrich Himmler.<\/p>\n<!-- \/wp:paragraph -->\n\n<!-- wp:paragraph -->\n<p>The General Plan East was a settlement and Germanization plan to be implemented over a vast area of Central and Eastern Europe, stretching from Lake Ladoga in the north to the Black Sea in the south, and east of the Third Reich's pre-World War II border to the Ural Mountains. Its main objective was to shift the ethnic border of the German state by about a thousand kilometers eastward i.e. to gain \"living space\" - the notorious Lebensraum, for the millions of German settlers who were to settle and develop the land they received. As a result, through the execution of the GPO, the Germans aimed to create the so-called Greater German Reich, on which the so-called New Deal was to prevail. Under this notion was the domination of the Nazis throughout Europe, the extermination of the Jews and all Slavic peoples.<\/p>\n<!-- \/wp:paragraph -->\n\n<!-- wp:paragraph -->\n<p>The latter were planned to be destroyed, of course, in German plans, in every possible way. And those who would survive this terrible repression were intended to be displaced beyond the Urals, where the eastern border of the \"Greater Reich\" was to be established.<\/p>\n<!-- \/wp:paragraph -->\n\n<!-- wp:paragraph -->\n<p>In planning the General Plan East, the Germans assumed that thirty to fifty million citizens of various countries in Central and Eastern Europe would be annihilated or displaced over a period of twenty years. In the case of Poland, the Nazis estimated that this various types of oppression would succeed in destroying about 20 million citizens of the Second Republic, or eighty-five percent of the Polish population at the time. At the same time, they intended to move some ten million German colonists to the aforementioned areas.<\/p>\n<!-- \/wp:paragraph -->\n\n<!-- wp:paragraph -->\n<p>The Germans began implementing the General Plan East first in those Polish lands that had been incorporated into the Third Reich in October 1939, that is, primarily Greater Poland and Pomerania. Nevertheless, in the subsequent years of the war, the Nazis decided to carry out their criminal plans also in other areas of the former Second Republic. Their choice fell, among others, on Zamojszczyzna, which led to a real nightmare that was realized on this small piece of Polish land.<\/p>\n<!-- \/wp:paragraph -->\n\n<!-- wp:paragraph -->\n<p>The beginning of the tragedy<\/p>\n<!-- \/wp:paragraph -->\n\n<!-- wp:paragraph -->\n<p>The Zamojszczyzna region seemed \"appealing\" to the Germans for several key reasons. First of all, it was an extremely attractive area from an agrarian point of view. In addition, it lay along a transportation route. Most important, however, was the fact that by the end of the 18th century a total of several thousand Germans had settled in the area, whose descendants still lived there, although it is difficult to determine their national sympathies. For this reason, Zamojszczyzna was referred to by the Nazis as a \"bastion of Germanness,\" which had to be colonized first.<\/p>\n<!-- \/wp:paragraph -->\n\n<!-- wp:paragraph -->\n<p>However, before proceeding with the GPO, the Germans decided to hit the Polish Jews first. The decision to exterminate this nation was made at the end of 1941, and at the beginning of the following year it was rearranged for dozens of high officials of the Third Reich at a special conference at Wannsee to coordinate the actions of various institutions. During that meeting, Joseph B\u00fchler, i.e. the representative of Governor General Hans Frank, stated that the entire operation of the so-called \"final solution of the Jewish question\" should begin precisely from the area they administered.<\/p>\n<!-- \/wp:paragraph -->\n\n<!-- wp:paragraph -->\n<p>The idea was favored by Himmler, who appointed Odilo Globocnik, head of the SS and Police in the Lublin District, as the executor of the operation. This in turn prepared the groundwork for Operation \"Reinhardt,\" the extermination of all Jews residing in the General Government.<\/p>\n<!-- \/wp:paragraph -->\n\n<!-- wp:paragraph -->\n<p>This one began exactly on the night of March 16-17, 1942, with the liquidation of the Lublin ghetto. Subsequently, in the following months, other ghettos were systematically destroyed and their inhabitants were transported to German camps in Belzec, Sobiobor, Treblinka and Majdanek, where they were subjected to extermination in gas chambers. Over the course of eighteen months, German criminals murdered a total of about two million Jews from the entire General Government, including Zamojszczyzna and also from other European countries, such as Czechoslovakia, France, the Netherlands, among others.<\/p>\n<!-- \/wp:paragraph -->\n\n<!-- wp:paragraph -->\n<p>After these events, the Germans focused on implementing their colonization intentions. Significantly, however, the first decisions on the aforementioned matter were made as early as July 1941. It was then that Himmler decided to establish a German Settlement District in the Zamojszczyzna area. Then, in November 1941, the first trial evictions were organized. At that time, some two thousand Poles were expelled from their homes in six villages. In their place were brought in people of German descent, who by then were living in Bessarabia. This action was called \"Heim ins Reich\" by the Nazis, which translates to \"Return home to the Reich.\" As part of the same operation, volksdeutchy from Estonia and Latvia, Northern Bukovina or those parts of the Soviet Union occupied by the Wehrmacht were resettled to the so-called \"Wartheland\" (an administrative region of the Third Reich, created from Polish territories - Kujawy, Greater Poland, among others - annexed by the Germans in 1939) almost throughout World War II.<\/p>\n<!-- \/wp:paragraph -->\n\n<!-- wp:paragraph -->\n<p>Returning, however, to the issues related to Zamojszczyzna.... In the course of the action taken in November 1941, the Germans wanted to test the mechanism they had developed earlier and to see what the public reaction to their unlawful activities would be. However, this was only a small prelude to the real drama that began in Zamojszczyzna more than a year later.<\/p>\n<!-- \/wp:paragraph -->\n\n\t\t<\/div>\n\t<\/div>\n<\/div><\/div><\/div><\/div><div class=\"vc_row wpb_row vc_row-fluid\"><div class=\"wpb_column vc_column_container vc_col-sm-12\"><div class=\"vc_column-inner\"><div class=\"wpb_wrapper\">\n\t<div class=\"wpb_text_column wpb_content_element\" >\n\t\t<div class=\"wpb_wrapper\">\n\t\t\t<p>Read more:<\/p>\n<p>&nbsp;<\/p>\n\n\t\t<\/div>\n\t<\/div>\n\n\t<div class=\"wpb_text_column wpb_content_element  vc_custom_1700491562839 color-blue\" >\n\t\t<div class=\"wpb_wrapper\">\n\t\t\t<p style=\"text-align: left;\"><strong><a href=\"https:\/\/zamojszczyzna.warstwypamieci.pl\/en\/zamojszczyzna-niespokojna-kraina\/\">Zamojszczyzna - a restless land<\/a><\/strong><\/p>\n<p>&nbsp;<\/p>\n<p><strong><a href=\"https:\/\/zamojszczyzna.warstwypamieci.pl\/en\/wybuch-wojny\/\">Outbreak of war<\/a><\/strong><\/p>\n<p>&nbsp;<\/p>\n<p><strong><a href=\"https:\/\/zamojszczyzna.warstwypamieci.pl\/en\/generalny-plan-wschodni\/\">General Plan East<\/a><\/strong><\/p>\n<p>&nbsp;<\/p>\n<p><strong><a href=\"https:\/\/zamojszczyzna.warstwypamieci.pl\/en\/aktion-zamosc\/\">\u201eAktion Zamosc\u201d<\/a><\/strong><\/p>\n<p>&nbsp;<\/p>\n<p><strong><a href=\"https:\/\/zamojszczyzna.warstwypamieci.pl\/en\/powstanie-zamojskie\/\">The Zamosc Uprising<\/a><\/strong><\/p>\n<p>&nbsp;<\/p>\n<p><strong><a href=\"https:\/\/zamojszczyzna.warstwypamieci.pl\/en\/dzieci-zamojszczyzny\/\">Children of Zamojszczyzna<\/a><\/strong><\/p>\n<p>&nbsp;<\/p>\n\n\t\t<\/div>\n\t<\/div>\n<\/div><\/div><\/div><\/div><\/section><section class=\"vc_section header-footer-section footer vc_custom_1700659074831 vc_section-has-fill\"><div class=\"vc_row wpb_row vc_row-fluid vc_custom_1698921329725 vc_row-o-content-top vc_row-flex\"><div class=\"color-white wpb_column vc_column_container vc_col-sm-6\"><div class=\"vc_column-inner\"><div class=\"wpb_wrapper\">\n\t<div class=\"wpb_text_column wpb_content_element  vc_custom_1700659137882 header-logo footer-logo\" >\n\t\t<div class=\"wpb_wrapper\">\n\t\t\t<h1><a href=\"\/en\/\"><img loading=\"lazy\" decoding=\"async\" class=\"alignnone size-full wp-image-48\" src=\"https:\/\/zamojszczyzna.warstwypamieci.pl\/wp-content\/uploads\/2023\/10\/zamojszczyzna-mapa.png\" alt=\"\" width=\"53\" height=\"40\" \/>\u00a0Zamosc region<\/a><\/h1>\n<p>Brutality of the German occupier towards the Polish nation<\/p>\n\n\t\t<\/div>\n\t<\/div>\n<\/div><\/div><\/div><div class=\"wpb_column vc_column_container vc_col-sm-1\"><div class=\"vc_column-inner\"><div class=\"wpb_wrapper\"><\/div><\/div><\/div><div class=\"wpb_column vc_column_container vc_col-sm-5\"><div class=\"vc_column-inner vc_custom_1700220050809\"><div class=\"wpb_wrapper\">\n\t<div class=\"wpb_text_column wpb_content_element  vc_custom_1700658906875\" >\n\t\t<div class=\"wpb_wrapper\">\n\t\t\t<p style=\"text-align: center;\">Project financed from the state budget under the program of the \nMinistry of Education and Science called \"Science for Society\"<br \/>\nproject number NdS\/545251\/2022\/2022<\/p>\n\n\t\t<\/div>\n\t<\/div>\n\n\t<div  class=\"wpb_single_image wpb_content_element vc_align_center   logo-reduta-footer\">\n\t\t\n\t\t<figure class=\"wpb_wrapper vc_figure\">\n\t\t\t<a href=\"https:\/\/www.gov.pl\/web\/edukacja-i-nauka\" target=\"_self\" class=\"vc_single_image-wrapper   vc_box_border_grey\"><img loading=\"lazy\" decoding=\"async\" width=\"216\" height=\"87\" src=\"https:\/\/zamojszczyzna.warstwypamieci.pl\/wp-content\/uploads\/2023\/12\/01_znak_podstawowy_kolor_biale_tlo_ang_male_2.png\" class=\"vc_single_image-img attachment-full\" alt=\"\" title=\"ministerstwo-edukacji\" \/><\/a>\n\t\t<\/figure>\n\t<\/div>\n<\/div><\/div><\/div><\/div><div class=\"vc_row wpb_row vc_row-fluid vc_row-o-content-bottom vc_row-flex\"><div class=\"color-white wpb_column vc_column_container vc_col-sm-1\"><div class=\"vc_column-inner\"><div class=\"wpb_wrapper\"><\/div><\/div><\/div><div class=\"color-white wpb_column vc_column_container vc_col-sm-6\"><div class=\"vc_column-inner\"><div class=\"wpb_wrapper\">\n\t<div class=\"wpb_text_column wpb_content_element  vc_custom_1702984464449\" >\n\t\t<div class=\"wpb_wrapper\">\n\t\t\t<p><a target=\"_blank\" href=\"https:\/\/play.google.com\/store\/apps\/details?id=io.cordova.zamojszczyzna\" rel=\"noopener\">Mobile App<\/a><\/p>\n<p>&nbsp;<\/p>\n<p><a href=\"https:\/\/rdi.org.pl\/kontakt\/\">Contact<\/a><\/p>\n<p>&nbsp;<\/p>\n<p><a class=\"popmake-1018\">Ask a question<\/a><\/p>\n<p>&nbsp;<\/p>\n<p><a href=\"https:\/\/rdi.org.pl\/zostan-darczynca\/\">Support us<\/a><\/p>\n<p>&nbsp;<\/p>\n<p><a href=\"https:\/\/zamojszczyzna.warstwypamieci.pl\/en\/informacje-prawne\/\">Legal information<\/a><\/p>\n\n\t\t<\/div>\n\t<\/div>\n<\/div><\/div><\/div><div class=\"wpb_column vc_column_container vc_col-sm-5\"><div class=\"vc_column-inner\"><div class=\"wpb_wrapper\">\n\t<div class=\"wpb_text_column wpb_content_element  vc_custom_1699351568407\" >\n\t\t<div class=\"wpb_wrapper\">\n\t\t\t<p style=\"text-align: center;\">Polish individual reparations from the German state for crimes undertaken by the Germans<\/p>\n\n\t\t<\/div>\n\t<\/div>\n\n\t<div  class=\"wpb_single_image wpb_content_element vc_align_center  vc_custom_1700221895920  logo-reduta-footer\">\n\t\t\n\t\t<figure class=\"wpb_wrapper vc_figure\">\n\t\t\t<a href=\"https:\/\/rdi.org.pl\/\" target=\"_self\" class=\"vc_single_image-wrapper   vc_box_border_grey\"><img loading=\"lazy\" decoding=\"async\" width=\"150\" height=\"150\" src=\"https:\/\/zamojszczyzna.warstwypamieci.pl\/wp-content\/uploads\/2023\/11\/REDUTAlogo-tradycyjneSmall-150x150.png\" class=\"vc_single_image-img attachment-thumbnail\" alt=\"\" title=\"REDUTAlogo tradycyjneSmall\" srcset=\"https:\/\/zamojszczyzna.warstwypamieci.pl\/wp-content\/uploads\/2023\/11\/REDUTAlogo-tradycyjneSmall-150x150.png 150w, https:\/\/zamojszczyzna.warstwypamieci.pl\/wp-content\/uploads\/2023\/11\/REDUTAlogo-tradycyjneSmall-300x300.png 300w, https:\/\/zamojszczyzna.warstwypamieci.pl\/wp-content\/uploads\/2023\/11\/REDUTAlogo-tradycyjneSmall.png 318w\" sizes=\"auto, (max-width: 150px) 100vw, 150px\" \/><\/a>\n\t\t<\/figure>\n\t<\/div>\n<\/div><\/div><\/div><\/div><\/section>\n<\/section>","protected":false},"excerpt":{"rendered":"\u00a0Zamojszczyzna Brutalno\u015b\u0107 niemieckiego okupanta wobec Narodu Polskiego Wesprzyj projekt\u00a0 \u00a0 \u00a0 + Strona g\u0142\u00f3wna Opis Projektu Metodologia Wizualizacja Interaktywne przegl\u0105danie danych Generalny Plan Wschodni Generalny Plan Wschodni czyli Generalplan Ost, w skr\u00f3cie GPO rodzi\u0142 si\u0119 w g\u0142owach niemieckich ideolog\u00f3w i najwa\u017cniejszych polityk\u00f3w przez kilka miesi\u0119cy. Niestety oryginalne dokumenty tego zbrodniczego pomys\u0142u nieprzetrwa\u0142y do naszych czas\u00f3w. [...]","protected":false},"author":2,"featured_media":0,"parent":0,"menu_order":0,"comment_status":"closed","ping_status":"closed","template":"","meta":{"footnotes":""},"class_list":["post-765","page","type-page","status-publish","hentry"],"_links":{"self":[{"href":"https:\/\/zamojszczyzna.warstwypamieci.pl\/en\/wp-json\/wp\/v2\/pages\/765","targetHints":{"allow":["GET"]}}],"collection":[{"href":"https:\/\/zamojszczyzna.warstwypamieci.pl\/en\/wp-json\/wp\/v2\/pages"}],"about":[{"href":"https:\/\/zamojszczyzna.warstwypamieci.pl\/en\/wp-json\/wp\/v2\/types\/page"}],"author":[{"embeddable":true,"href":"https:\/\/zamojszczyzna.warstwypamieci.pl\/en\/wp-json\/wp\/v2\/users\/2"}],"replies":[{"embeddable":true,"href":"https:\/\/zamojszczyzna.warstwypamieci.pl\/en\/wp-json\/wp\/v2\/comments?post=765"}],"version-history":[{"count":12,"href":"https:\/\/zamojszczyzna.warstwypamieci.pl\/en\/wp-json\/wp\/v2\/pages\/765\/revisions"}],"predecessor-version":[{"id":1110,"href":"https:\/\/zamojszczyzna.warstwypamieci.pl\/en\/wp-json\/wp\/v2\/pages\/765\/revisions\/1110"}],"wp:attachment":[{"href":"https:\/\/zamojszczyzna.warstwypamieci.pl\/en\/wp-json\/wp\/v2\/media?parent=765"}],"curies":[{"name":"wp","href":"https:\/\/api.w.org\/{rel}","templated":true}]}}