{"id":762,"date":"2023-11-19T17:44:57","date_gmt":"2023-11-19T16:44:57","guid":{"rendered":"http:\/\/zamojszczyzna.itapi.pl\/wordpress\/?page_id=762"},"modified":"2023-12-19T12:15:16","modified_gmt":"2023-12-19T11:15:16","slug":"powstanie-zamojskie","status":"publish","type":"page","link":"https:\/\/zamojszczyzna.warstwypamieci.pl\/en\/powstanie-zamojskie\/","title":{"rendered":"The Zamosc Uprising"},"content":{"rendered":"<section class=\"wpb-content-wrapper\"><section class=\"vc_section color-white header-footer-section vc_custom_1700214715201 vc_section-has-fill\"><div class=\"vc_row wpb_row vc_row-fluid vc_custom_1700221297299 vc_row-has-fill vc_row-o-equal-height vc_row-o-content-middle vc_row-flex\"><div class=\"wpb_column vc_column_container vc_col-sm-6\"><div class=\"vc_column-inner\"><div class=\"wpb_wrapper\">\n\t<div class=\"wpb_text_column wpb_content_element  vc_custom_1700578208714 header-logo\" >\n\t\t<div class=\"wpb_wrapper\">\n\t\t\t<h1><a href=\"\/en\/\"><img loading=\"lazy\" decoding=\"async\" class=\"alignnone size-full wp-image-48\" src=\"https:\/\/zamojszczyzna.warstwypamieci.pl\/wp-content\/uploads\/2023\/10\/zamojszczyzna-mapa.png\" alt=\"\" width=\"53\" height=\"40\" \/>\u00a0Zamosc region<\/a><\/h1>\n<p>Brutality of the German occupier towards the Polish nation<\/p>\n\n\t\t<\/div>\n\t<\/div>\n<\/div><\/div><\/div><div class=\"header-item wpb_column vc_column_container vc_col-sm-3\"><div class=\"vc_column-inner vc_custom_1700218828430\"><div class=\"wpb_wrapper\">\n\t<div  class=\"wpb_single_image wpb_content_element vc_align_right   warstwy\">\n\t\t\n\t\t<figure class=\"wpb_wrapper vc_figure\">\n\t\t\t<a href=\"https:\/\/warstwypamieci.pl\/\" target=\"_self\" class=\"vc_single_image-wrapper   vc_box_border_grey\"><img loading=\"lazy\" decoding=\"async\" width=\"556\" height=\"74\" src=\"https:\/\/zamojszczyzna.warstwypamieci.pl\/wp-content\/uploads\/2023\/12\/Warstwy-Logo_En.png\" class=\"vc_single_image-img attachment-large\" alt=\"\" title=\"Layers of memory\" \/><\/a>\n\t\t<\/figure>\n\t<\/div>\n<\/div><\/div><\/div><div class=\"header-item wpb_column vc_column_container vc_col-sm-1\"><div class=\"vc_column-inner\"><div class=\"wpb_wrapper\">\n\t<div  class=\"wpb_single_image wpb_content_element vc_align_center  vc_custom_1700219599520  reduta\">\n\t\t\n\t\t<figure class=\"wpb_wrapper vc_figure\">\n\t\t\t<a href=\"https:\/\/rdi.org.pl\/\" target=\"_self\" class=\"vc_single_image-wrapper   vc_box_border_grey\"><img loading=\"lazy\" decoding=\"async\" width=\"318\" height=\"318\" src=\"https:\/\/zamojszczyzna.warstwypamieci.pl\/wp-content\/uploads\/2023\/11\/REDUTAlogo-tradycyjneSmall.png\" class=\"vc_single_image-img attachment-full\" alt=\"\" title=\"REDUTAlogo tradycyjneSmall\" srcset=\"https:\/\/zamojszczyzna.warstwypamieci.pl\/wp-content\/uploads\/2023\/11\/REDUTAlogo-tradycyjneSmall.png 318w, https:\/\/zamojszczyzna.warstwypamieci.pl\/wp-content\/uploads\/2023\/11\/REDUTAlogo-tradycyjneSmall-300x300.png 300w, https:\/\/zamojszczyzna.warstwypamieci.pl\/wp-content\/uploads\/2023\/11\/REDUTAlogo-tradycyjneSmall-150x150.png 150w\" sizes=\"auto, (max-width: 318px) 100vw, 318px\" \/><\/a>\n\t\t<\/figure>\n\t<\/div>\n<\/div><\/div><\/div><div class=\"header-donate header-item wpb_column vc_column_container vc_col-sm-2\"><div class=\"vc_column-inner\"><div class=\"wpb_wrapper\">\n\t<div class=\"wpb_text_column wpb_content_element\" >\n\t\t<div class=\"wpb_wrapper\">\n\t\t\t<p style=\"text-align: center;\"><a href=\"https:\/\/rdi.org.pl\/zostan-darczynca\/\">Support the project<\/a><\/p>\n\n\t\t<\/div>\n\t<\/div>\n<\/div><\/div><\/div><\/div><div class=\"vc_row wpb_row vc_row-fluid color-white nav vc_custom_1700222211878 vc_row-has-fill vc_row-o-equal-height vc_row-o-content-middle vc_row-flex\"><div class=\"wpb_column vc_column_container vc_col-sm-2\"><div class=\"vc_column-inner\"><div class=\"wpb_wrapper\">\n\t<div class=\"wpb_text_column wpb_content_element\" >\n\t\t<div class=\"wpb_wrapper\">\n\t\t\t<p style=\"text-align: left;\"><a href=\"\/en\/\">Home Page<\/a><\/p>\n\n\t\t<\/div>\n\t<\/div>\n<\/div><\/div><\/div><div class=\"wpb_column vc_column_container vc_col-sm-2\"><div class=\"vc_column-inner\"><div class=\"wpb_wrapper\">\n\t<div class=\"wpb_text_column wpb_content_element\" >\n\t\t<div class=\"wpb_wrapper\">\n\t\t\t<p style=\"text-align: left;\"><a href=\"https:\/\/zamojszczyzna.warstwypamieci.pl\/en\/ukazanie-rozmiaru-szkod-mieszkancow-zamojszczyzny\/\">Project Description<\/a><\/p>\n\n\t\t<\/div>\n\t<\/div>\n<\/div><\/div><\/div><div class=\"wpb_column vc_column_container vc_col-sm-2\"><div class=\"vc_column-inner\"><div class=\"wpb_wrapper\">\n\t<div class=\"wpb_text_column wpb_content_element  vc_custom_1700481093018\" >\n\t\t<div class=\"wpb_wrapper\">\n\t\t\t<p style=\"text-align: left;\"><a href=\"https:\/\/zamojszczyzna.warstwypamieci.pl\/en\/prezentacja-wynikow-badan\/\">Methodology<\/a><\/p>\n\n\t\t<\/div>\n\t<\/div>\n<\/div><\/div><\/div><div class=\"wpb_column vc_column_container vc_col-sm-1\"><div class=\"vc_column-inner\"><div class=\"wpb_wrapper\">\n\t<div class=\"wpb_text_column wpb_content_element\" >\n\t\t<div class=\"wpb_wrapper\">\n\t\t\t<p style=\"text-align: left;\"><a href=\"https:\/\/zamojszczyzna.warstwypamieci.pl\/en\/interaktywne-przegladanie-danych\/\">Visualisation<\/a><\/p>\n\n\t\t<\/div>\n\t<\/div>\n<\/div><\/div><\/div><div class=\"wpb_column vc_column_container vc_col-sm-4\"><div class=\"vc_column-inner\"><div class=\"wpb_wrapper\">\n\t<div class=\"wpb_text_column wpb_content_element\" >\n\t\t<div class=\"wpb_wrapper\">\n\t\t\t<p style=\"text-align: right;\"><a href=\"https:\/\/zamojszczyzna.warstwypamieci.pl\/en\/przegladanie-danych-tabelarycznych\/\">Interactive viewing of data<\/a><\/p>\n\n\t\t<\/div>\n\t<\/div>\n<\/div><\/div><\/div><div class=\"wpb_column vc_column_container vc_col-sm-1\"><div class=\"vc_column-inner\"><div class=\"wpb_wrapper\">\n\t<div class=\"wpb_text_column wpb_content_element  login-logout\" >\n\t\t<div class=\"wpb_wrapper\">\n\t\t\t\n\t\t<\/div>\n\t<\/div>\n<\/div><\/div><\/div><\/div><\/section><section class=\"vc_section vc_custom_1698998140849 vc_section-has-fill\"><div class=\"vc_row wpb_row vc_row-fluid vc_custom_1698998267817\"><div class=\"wpb_column vc_column_container vc_col-sm-12\"><div class=\"vc_column-inner\"><div class=\"wpb_wrapper\">\n\t<div class=\"wpb_text_column wpb_content_element  vc_custom_1700412320096\" >\n\t\t<div class=\"wpb_wrapper\">\n\t\t\t<h2>The Zamosc Uprising<\/h2>\n\n\t\t<\/div>\n\t<\/div>\n<\/div><\/div><\/div><\/div><div class=\"vc_row wpb_row vc_row-fluid vc_custom_1698998118820\"><div class=\"wpb_column vc_column_container vc_col-sm-12\"><div class=\"vc_column-inner\"><div class=\"wpb_wrapper\">\n\t<div class=\"wpb_text_column wpb_content_element  post-content justify-text\" >\n\t\t<div class=\"wpb_wrapper\">\n\t\t\t<!-- wp:paragraph -->\n<p>Polish resistance began in November 1942. The first to take up arms were members of the AK (Home Army) and soldiers from the Peasants' Battalions, an armed branch of the Polish People's Movement. They initiated an attack on the village of Udrycze, where German settlers had already begun to take control: \"The fate of those Poles subjected to eviction is well known. Detention camps in Zamo\u015b\u0107 and Zwierzyniec were filled with thousands of women, children, and the elderly. What to do? This question was on the lips of every Pole. Action had to be taken immediately, as evictions were progressing systematically day by day, sparing no Polish cottage. So, we go to the village of Udrycze, where German settlers have been revelling for several days, and, having no other choice, we simply set fire to the village in several places, thus smoking out the hated enemies who stink up the Polish land.\"<\/p>\n<!-- \/wp:paragraph -->\n\n<!-- wp:paragraph -->\n<p>In December 1942, Commander Franciszek Kami\u0144ski of the Peasants' Battalions arrived in Zamo\u015b\u0107 and ordered his forces to initiate retaliatory actions. These actions were to go in three directions: firstly, to support the population in organizing self-defence; secondly, to try to stop eviction expeditions; and thirdly, to strike at villages already occupied by German colonists.<\/p>\n<!-- \/wp:paragraph -->\n\n<!-- wp:paragraph -->\n<p>It was crucial that the defines of the Polish population was supported by units from the Peasants' Battalions, the Home Army, and even communist forces fighting in the ranks of the People's Guard. All these organizations simultaneously launched actions against the German occupiers.<\/p>\n<!-- \/wp:paragraph -->\n\n<!-- wp:paragraph -->\n<p>These actions were in line with the order issued by AK Commander General Stefan Rowecki, codenamed \"Grot,\" published on December 8, 1942. In the document, Rowecki wrote: \"The population must resist passively and actively. Burn homesteads, destroy abandoned property in such a way that only ruins remain for the occupier. Do not allow for the separation of families, for beating, rape, and torture; respond with axes, pitchforks, and sickles. Defend life and property with claws until the ultimate extremity... Support the self-defence of the civilian population with the actions of sabotage units, which will attack the police and administrative authorities conducting evacuations from the outside. Above all, eliminate the leaders of the eviction action. Destroy buildings and property in those settlements where the population could not do it themselves. Do not let the settled Germans live.\"<\/p>\n<!-- \/wp:paragraph -->\n\n<!-- wp:paragraph -->\n<p>This order intensified the actions of the Polish resistance. In late December, the Peasants' Battalions, supported surprisingly by Soviet partisans, engaged in a battle near Wojda, attacking a German special battalion escorting around a hundred German colonists. Additionally, in January of the following year, the Home Army carried out \"Wieniec II\" (Wreath II) action, resulting in dozens of strikes on various German transportation points. Furthermore, on February 1, 1943, units from the Home Army and the Peasants' Battalions clashed with the Germans in the largest battle at that time in the Zamo\u015b\u0107 region, the Battle of Zaboreczno, which ended in a total victory for the Polish partisans.<\/p>\n<!-- \/wp:paragraph -->\n\n<!-- wp:paragraph -->\n<p>Similar actions, carried out by the Polish underground, were significantly more numerous, prompting the Germans to coin the term \"Zamo\u015b\u0107 Uprising\" and halt resettlement operations. However, the calm did not last long. In the summer of 1943, the Nazis initiated the third stage of the resettlement action, codenamed \"Werwolf.\" It was the most tragic period of the entire \"Aktion Zamo\u015b\u0107,\" as the Germans, having learned from their experience in previous months, committed significantly larger military forces to it, showing no mercy to displaced Poles.<\/p>\n<!-- \/wp:paragraph -->\n\n<!-- wp:paragraph -->\n<p>During that time, from June to August 1943, about sixty thousand people were resettled. Nonetheless, thousands perished in mass executions, conducted, for example, in the so-called Rotunda Zamojska or pacification actions.<\/p>\n<!-- \/wp:paragraph -->\n\n<!-- wp:paragraph -->\n<p>A significant event during the Zamo\u015b\u0107 Uprising was the activity of the AK intelligence soldier Dominik Szajner, codenamed \"Looping,\" who obtained a map from the Germans indicating villages earmarked for resettlement. This map was stolen from the resettlement office where Szajner worked. He had been employed there because he gained German trust, spoke German fluently, obtained a military booklet as a Wehrmacht volunteer, and duplicated keys to official furniture where various documents were kept. After hours, he meticulously copied them. Additionally, he gathered information about the direction of German resettlement commissions and the accompanying gendarmerie. All this information was passed on to his commanders, who sought to make the most of it.<\/p>\n<!-- \/wp:paragraph -->\n\n\t\t<\/div>\n\t<\/div>\n<\/div><\/div><\/div><\/div><div class=\"vc_row wpb_row vc_row-fluid\"><div class=\"wpb_column vc_column_container vc_col-sm-12\"><div class=\"vc_column-inner\"><div class=\"wpb_wrapper\">\n\t<div class=\"wpb_text_column wpb_content_element\" >\n\t\t<div class=\"wpb_wrapper\">\n\t\t\t<p>Read more:<\/p>\n<p>&nbsp;<\/p>\n\n\t\t<\/div>\n\t<\/div>\n\n\t<div class=\"wpb_text_column wpb_content_element  vc_custom_1700491578283 color-blue\" >\n\t\t<div class=\"wpb_wrapper\">\n\t\t\t<p style=\"text-align: left;\"><strong><a href=\"https:\/\/zamojszczyzna.warstwypamieci.pl\/en\/zamojszczyzna-niespokojna-kraina\/\">Zamojszczyzna - a restless land<\/a><\/strong><\/p>\n<p>&nbsp;<\/p>\n<p><strong><a href=\"https:\/\/zamojszczyzna.warstwypamieci.pl\/en\/wybuch-wojny\/\">Outbreak of war<\/a><\/strong><\/p>\n<p>&nbsp;<\/p>\n<p><strong><a href=\"https:\/\/zamojszczyzna.warstwypamieci.pl\/en\/generalny-plan-wschodni\/\">General Plan East<\/a><\/strong><\/p>\n<p>&nbsp;<\/p>\n<p><strong><a href=\"https:\/\/zamojszczyzna.warstwypamieci.pl\/en\/aktion-zamosc\/\">\u201eAktion Zamosc\u201d<\/a><\/strong><\/p>\n<p>&nbsp;<\/p>\n<p><strong><a href=\"https:\/\/zamojszczyzna.warstwypamieci.pl\/en\/powstanie-zamojskie\/\">The Zamosc Uprising<\/a><\/strong><\/p>\n<p>&nbsp;<\/p>\n<p><strong><a href=\"https:\/\/zamojszczyzna.warstwypamieci.pl\/en\/dzieci-zamojszczyzny\/\">Children of Zamojszczyzna<\/a><\/strong><\/p>\n<p>&nbsp;<\/p>\n\n\t\t<\/div>\n\t<\/div>\n<\/div><\/div><\/div><\/div><\/section><section class=\"vc_section header-footer-section footer vc_custom_1700659074831 vc_section-has-fill\"><div class=\"vc_row wpb_row vc_row-fluid vc_custom_1698921329725 vc_row-o-content-top vc_row-flex\"><div class=\"color-white wpb_column vc_column_container vc_col-sm-6\"><div class=\"vc_column-inner\"><div class=\"wpb_wrapper\">\n\t<div class=\"wpb_text_column wpb_content_element  vc_custom_1700659137882 header-logo footer-logo\" >\n\t\t<div class=\"wpb_wrapper\">\n\t\t\t<h1><a href=\"\/en\/\"><img loading=\"lazy\" decoding=\"async\" class=\"alignnone size-full wp-image-48\" src=\"https:\/\/zamojszczyzna.warstwypamieci.pl\/wp-content\/uploads\/2023\/10\/zamojszczyzna-mapa.png\" alt=\"\" width=\"53\" height=\"40\" \/>\u00a0Zamosc region<\/a><\/h1>\n<p>Brutality of the German occupier towards the Polish nation<\/p>\n\n\t\t<\/div>\n\t<\/div>\n<\/div><\/div><\/div><div class=\"wpb_column vc_column_container vc_col-sm-1\"><div class=\"vc_column-inner\"><div class=\"wpb_wrapper\"><\/div><\/div><\/div><div class=\"wpb_column vc_column_container vc_col-sm-5\"><div class=\"vc_column-inner vc_custom_1700220050809\"><div class=\"wpb_wrapper\">\n\t<div class=\"wpb_text_column wpb_content_element  vc_custom_1700658906875\" >\n\t\t<div class=\"wpb_wrapper\">\n\t\t\t<p style=\"text-align: center;\">Project financed from the state budget under the program of the \nMinistry of Education and Science called \"Science for Society\"<br \/>\nproject number NdS\/545251\/2022\/2022<\/p>\n\n\t\t<\/div>\n\t<\/div>\n\n\t<div  class=\"wpb_single_image wpb_content_element vc_align_center   logo-reduta-footer\">\n\t\t\n\t\t<figure class=\"wpb_wrapper vc_figure\">\n\t\t\t<a href=\"https:\/\/www.gov.pl\/web\/edukacja-i-nauka\" target=\"_self\" class=\"vc_single_image-wrapper   vc_box_border_grey\"><img loading=\"lazy\" decoding=\"async\" width=\"216\" height=\"87\" src=\"https:\/\/zamojszczyzna.warstwypamieci.pl\/wp-content\/uploads\/2023\/12\/01_znak_podstawowy_kolor_biale_tlo_ang_male_2.png\" class=\"vc_single_image-img attachment-full\" alt=\"\" title=\"ministerstwo-edukacji\" \/><\/a>\n\t\t<\/figure>\n\t<\/div>\n<\/div><\/div><\/div><\/div><div class=\"vc_row wpb_row vc_row-fluid vc_row-o-content-bottom vc_row-flex\"><div class=\"color-white wpb_column vc_column_container vc_col-sm-1\"><div class=\"vc_column-inner\"><div class=\"wpb_wrapper\"><\/div><\/div><\/div><div class=\"color-white wpb_column vc_column_container vc_col-sm-6\"><div class=\"vc_column-inner\"><div class=\"wpb_wrapper\">\n\t<div class=\"wpb_text_column wpb_content_element  vc_custom_1702984514266\" >\n\t\t<div class=\"wpb_wrapper\">\n\t\t\t<p><a target=\"_blank\" href=\"https:\/\/play.google.com\/store\/apps\/details?id=io.cordova.zamojszczyzna\" rel=\"noopener\">Mobile App<\/a><\/p>\n<p>&nbsp;<\/p>\n<p><a href=\"https:\/\/rdi.org.pl\/kontakt\/\">Contact<\/a><\/p>\n<p>&nbsp;<\/p>\n<p><a class=\"popmake-1018\">Ask a question<\/a><\/p>\n<p>&nbsp;<\/p>\n<p><a href=\"https:\/\/rdi.org.pl\/zostan-darczynca\/\">Support us<\/a><\/p>\n<p>&nbsp;<\/p>\n<p><a href=\"https:\/\/zamojszczyzna.warstwypamieci.pl\/en\/informacje-prawne\/\">Legal information<\/a><\/p>\n\n\t\t<\/div>\n\t<\/div>\n<\/div><\/div><\/div><div class=\"wpb_column vc_column_container vc_col-sm-5\"><div class=\"vc_column-inner\"><div class=\"wpb_wrapper\">\n\t<div class=\"wpb_text_column wpb_content_element  vc_custom_1699351568407\" >\n\t\t<div class=\"wpb_wrapper\">\n\t\t\t<p style=\"text-align: center;\">Polish individual reparations from the German state for crimes undertaken by the Germans<\/p>\n\n\t\t<\/div>\n\t<\/div>\n\n\t<div  class=\"wpb_single_image wpb_content_element vc_align_center  vc_custom_1700221895920  logo-reduta-footer\">\n\t\t\n\t\t<figure class=\"wpb_wrapper vc_figure\">\n\t\t\t<a href=\"https:\/\/rdi.org.pl\/\" target=\"_self\" class=\"vc_single_image-wrapper   vc_box_border_grey\"><img loading=\"lazy\" decoding=\"async\" width=\"150\" height=\"150\" src=\"https:\/\/zamojszczyzna.warstwypamieci.pl\/wp-content\/uploads\/2023\/11\/REDUTAlogo-tradycyjneSmall-150x150.png\" class=\"vc_single_image-img attachment-thumbnail\" alt=\"\" title=\"REDUTAlogo tradycyjneSmall\" srcset=\"https:\/\/zamojszczyzna.warstwypamieci.pl\/wp-content\/uploads\/2023\/11\/REDUTAlogo-tradycyjneSmall-150x150.png 150w, https:\/\/zamojszczyzna.warstwypamieci.pl\/wp-content\/uploads\/2023\/11\/REDUTAlogo-tradycyjneSmall-300x300.png 300w, https:\/\/zamojszczyzna.warstwypamieci.pl\/wp-content\/uploads\/2023\/11\/REDUTAlogo-tradycyjneSmall.png 318w\" sizes=\"auto, (max-width: 150px) 100vw, 150px\" \/><\/a>\n\t\t<\/figure>\n\t<\/div>\n<\/div><\/div><\/div><\/div><\/section>\n<\/section>","protected":false},"excerpt":{"rendered":"\u00a0Zamojszczyzna Brutalno\u015b\u0107 niemieckiego okupanta wobec Narodu Polskiego Wesprzyj projekt\u00a0 \u00a0 \u00a0 + Strona g\u0142\u00f3wna Opis Projektu Metodologia Wizualizacja Interaktywne przegl\u0105danie danych Powstanie Zamojskie Polskie podziemie zacz\u0119\u0142o stawia\u0107 op\u00f3r jeszcze w listopadzie 1942 r. Pierwsi do walki ruszyli akowcy oraz \u017co\u0142nierze Batalion\u00f3w Ch\u0142opskich, czyli organizacji zbrojnej polskiego ruchu ludowego. Ci pierwsi zaatakowali wie\u015b Udrycze, w kt\u00f3rej [...]","protected":false},"author":2,"featured_media":0,"parent":0,"menu_order":0,"comment_status":"closed","ping_status":"closed","template":"","meta":{"footnotes":""},"class_list":["post-762","page","type-page","status-publish","hentry"],"_links":{"self":[{"href":"https:\/\/zamojszczyzna.warstwypamieci.pl\/en\/wp-json\/wp\/v2\/pages\/762","targetHints":{"allow":["GET"]}}],"collection":[{"href":"https:\/\/zamojszczyzna.warstwypamieci.pl\/en\/wp-json\/wp\/v2\/pages"}],"about":[{"href":"https:\/\/zamojszczyzna.warstwypamieci.pl\/en\/wp-json\/wp\/v2\/types\/page"}],"author":[{"embeddable":true,"href":"https:\/\/zamojszczyzna.warstwypamieci.pl\/en\/wp-json\/wp\/v2\/users\/2"}],"replies":[{"embeddable":true,"href":"https:\/\/zamojszczyzna.warstwypamieci.pl\/en\/wp-json\/wp\/v2\/comments?post=762"}],"version-history":[{"count":12,"href":"https:\/\/zamojszczyzna.warstwypamieci.pl\/en\/wp-json\/wp\/v2\/pages\/762\/revisions"}],"predecessor-version":[{"id":1114,"href":"https:\/\/zamojszczyzna.warstwypamieci.pl\/en\/wp-json\/wp\/v2\/pages\/762\/revisions\/1114"}],"wp:attachment":[{"href":"https:\/\/zamojszczyzna.warstwypamieci.pl\/en\/wp-json\/wp\/v2\/media?parent=762"}],"curies":[{"name":"wp","href":"https:\/\/api.w.org\/{rel}","templated":true}]}}